{"id":258,"date":"2021-02-22T21:36:43","date_gmt":"2021-02-22T21:36:43","guid":{"rendered":"https:\/\/anaflavialima.com.br\/psicologa\/?page_id=258"},"modified":"2026-08-23T15:30:12","modified_gmt":"2026-08-23T18:30:12","slug":"aulas-gratuitas-dia-do-psicologo","status":"publish","type":"page","link":"https:\/\/anaflavialima.com.br\/psicologa\/aulas-gratuitas-dia-do-psicologo\/","title":{"rendered":"Aulas gratuitas dia do psic\u00f3logo"},"content":{"rendered":"\t\t<div data-elementor-type=\"wp-page\" data-elementor-id=\"258\" class=\"elementor elementor-258\">\n\t\t\t\t\t\t<section class=\"elementor-section elementor-top-section elementor-element elementor-element-c736de6 elementor-section-boxed elementor-section-height-default elementor-section-height-default\" data-id=\"c736de6\" data-element_type=\"section\" data-e-type=\"section\">\n\t\t\t\t\t\t<div class=\"elementor-container elementor-column-gap-default\">\n\t\t\t\t\t<div class=\"elementor-column elementor-col-100 elementor-top-column elementor-element elementor-element-3775073\" data-id=\"3775073\" data-element_type=\"column\" data-e-type=\"column\">\n\t\t\t<div class=\"elementor-widget-wrap elementor-element-populated\">\n\t\t\t\t\t\t<div class=\"elementor-element elementor-element-45ee2ec elementor-widget elementor-widget-elementskit-heading\" data-id=\"45ee2ec\" data-element_type=\"widget\" data-e-type=\"widget\" data-widget_type=\"elementskit-heading.default\">\n\t\t\t\t<div class=\"elementor-widget-container\">\n\t\t\t\t\t<div class=\"ekit-wid-con\" ><div class=\"ekit-heading elementskit-section-title-wraper center   ekit_heading_tablet-   ekit_heading_mobile-\"><h2 class=\"ekit-heading--title elementskit-section-title \"><span>Semana do psic\u00f3logo<\/span> <\/h2><h1 class=\"ekit-heading--subtitle elementskit-section-subtitle  elementskit-style-border\">\n\t\t\t\t\t\tAulas gratuitas \n\t\t\t\t\t<\/h1>\t\t\t\t<div class='ekit-heading__description'>\n\t\t\t\t\t<p>De 23 a 31 de agosto\u00a0<\/p>\n\t\t\t\t<\/div>\n\t\t\t<\/div><\/div>\t\t\t\t<\/div>\n\t\t\t\t<\/div>\n\t\t\t\t<div class=\"elementor-element elementor-element-e0c8083 elementor-widget elementor-widget-elementskit-heading\" data-id=\"e0c8083\" data-element_type=\"widget\" data-e-type=\"widget\" data-widget_type=\"elementskit-heading.default\">\n\t\t\t\t<div class=\"elementor-widget-container\">\n\t\t\t\t\t<div class=\"ekit-wid-con\" ><div class=\"ekit-heading elementskit-section-title-wraper center   ekit_heading_tablet-   ekit_heading_mobile-\">\t\t\t\t<div class='ekit-heading__description'>\n\t\t\t\t\t<p class=\"isSelectedEnd\">Separei duas aulas gratuitas para voc\u00ea aprofundar temas importantes da pr\u00e1tica cl\u00ednica.<\/p>\n<p>Voc\u00ea pode come\u00e7ar pela que fizer mais sentido para voc\u00ea agora.<\/p>\n\t\t\t\t<\/div>\n\t\t\t<\/div><\/div>\t\t\t\t<\/div>\n\t\t\t\t<\/div>\n\t\t\t\t\t<\/div>\n\t\t<\/div>\n\t\t\t\t\t<\/div>\n\t\t<\/section>\n\t\t\t\t<section class=\"elementor-section elementor-top-section elementor-element elementor-element-ede29fb elementor-section-boxed elementor-section-height-default elementor-section-height-default\" data-id=\"ede29fb\" data-element_type=\"section\" data-e-type=\"section\" data-settings=\"{&quot;background_background&quot;:&quot;slideshow&quot;,&quot;background_slideshow_gallery&quot;:[{&quot;id&quot;:5289,&quot;url&quot;:&quot;https:\\\/\\\/anaflavialima.com.br\\\/psicologa\\\/wp-content\\\/uploads\\\/2026\\\/08\\\/Ana-post-anuncio-9.png&quot;}],&quot;background_slideshow_slide_duration&quot;:5000,&quot;background_slideshow_slide_transition&quot;:&quot;fade&quot;,&quot;background_slideshow_transition_duration&quot;:500}\">\n\t\t\t\t\t\t<div class=\"elementor-container elementor-column-gap-default\">\n\t\t\t\t\t<div class=\"elementor-column elementor-col-33 elementor-top-column elementor-element elementor-element-0fde7bc\" data-id=\"0fde7bc\" data-element_type=\"column\" data-e-type=\"column\">\n\t\t\t<div class=\"elementor-widget-wrap\">\n\t\t\t\t\t\t\t<\/div>\n\t\t<\/div>\n\t\t\t\t<div class=\"elementor-column elementor-col-33 elementor-top-column elementor-element elementor-element-0682c54\" data-id=\"0682c54\" data-element_type=\"column\" data-e-type=\"column\">\n\t\t\t<div class=\"elementor-widget-wrap elementor-element-populated\">\n\t\t\t\t\t\t<section class=\"elementor-section elementor-inner-section elementor-element elementor-element-307fa6e elementor-section-boxed elementor-section-height-default elementor-section-height-default\" data-id=\"307fa6e\" data-element_type=\"section\" data-e-type=\"section\" data-settings=\"{&quot;background_background&quot;:&quot;slideshow&quot;,&quot;background_slideshow_gallery&quot;:[],&quot;background_slideshow_loop&quot;:&quot;yes&quot;,&quot;background_slideshow_slide_duration&quot;:5000,&quot;background_slideshow_slide_transition&quot;:&quot;fade&quot;,&quot;background_slideshow_transition_duration&quot;:500}\">\n\t\t\t\t\t\t<div class=\"elementor-container elementor-column-gap-default\">\n\t\t\t\t\t<div class=\"elementor-column elementor-col-100 elementor-inner-column elementor-element elementor-element-1a1d09d\" data-id=\"1a1d09d\" data-element_type=\"column\" data-e-type=\"column\">\n\t\t\t<div class=\"elementor-widget-wrap elementor-element-populated\">\n\t\t\t\t\t\t<div class=\"elementor-element elementor-element-1d82b40 elementor-widget elementor-widget-image\" data-id=\"1d82b40\" data-element_type=\"widget\" data-e-type=\"widget\" data-widget_type=\"image.default\">\n\t\t\t\t<div class=\"elementor-widget-container\">\n\t\t\t\t\t\t\t\t\t\t\t\t\t\t\t<img fetchpriority=\"high\" decoding=\"async\" width=\"696\" height=\"392\" src=\"https:\/\/anaflavialima.com.br\/psicologa\/wp-content\/uploads\/2026\/08\/Capa-youtube-tcc-descomplicada-1024x576.png\" class=\"attachment-large size-large wp-image-5290\" alt=\"\" srcset=\"https:\/\/anaflavialima.com.br\/psicologa\/wp-content\/uploads\/2026\/08\/Capa-youtube-tcc-descomplicada-1024x576.png 1024w, https:\/\/anaflavialima.com.br\/psicologa\/wp-content\/uploads\/2026\/08\/Capa-youtube-tcc-descomplicada-300x169.png 300w, https:\/\/anaflavialima.com.br\/psicologa\/wp-content\/uploads\/2026\/08\/Capa-youtube-tcc-descomplicada-768x432.png 768w, https:\/\/anaflavialima.com.br\/psicologa\/wp-content\/uploads\/2026\/08\/Capa-youtube-tcc-descomplicada-1536x864.png 1536w, https:\/\/anaflavialima.com.br\/psicologa\/wp-content\/uploads\/2026\/08\/Capa-youtube-tcc-descomplicada.png 1920w\" sizes=\"(max-width: 696px) 100vw, 696px\" \/>\t\t\t\t\t\t\t\t\t\t\t\t\t\t\t<\/div>\n\t\t\t\t<\/div>\n\t\t\t\t<div class=\"elementor-element elementor-element-d5d568d ekit-equal-height-disable elementor-widget elementor-widget-elementskit-icon-box\" data-id=\"d5d568d\" data-element_type=\"widget\" data-e-type=\"widget\" data-widget_type=\"elementskit-icon-box.default\">\n\t\t\t\t<div class=\"elementor-widget-container\">\n\t\t\t\t\t<div class=\"ekit-wid-con\" >        <!-- link opening -->\n                <a href=\"#\" class=\"ekit_global_links\">\n                <!-- end link opening -->\n\n        <div class=\"elementskit-infobox text-left text- icon-lef-right-aligin elementor-animation-   \">\n                        <div class=\"box-body\">\n                            <h3 class=\"elementskit-info-box-title\">\n                    Terapia do Esquema na Tela  Aprendendo com Valente, Frozen, Harry Potter e Enrolados                <\/h3>\n                        \t\t  \t<p>Uma aula para compreender conceitos da Terapia do Esquema a partir de personagens e hist\u00f3rias conhecidas.\n\nAo longo da aula, voc\u00ea vai observar como necessidades emocionais, esquemas e modos podem aparecer nas rela\u00e7\u00f5es e nos comportamentos dos personagens, e como esse olhar pode ajudar a tornar a teoria mais clara e aplic\u00e1vel \u00e0 pr\u00e1tica cl\u00ednica.<\/p>\n                                <\/div>\n        \n        \n                <\/div>\n                <\/a>\n        <\/div>\t\t\t\t<\/div>\n\t\t\t\t<\/div>\n\t\t\t\t<div class=\"elementor-element elementor-element-b1e2d24 elementor-align-left elementor-widget elementor-widget-button\" data-id=\"b1e2d24\" data-element_type=\"widget\" data-e-type=\"widget\" data-widget_type=\"button.default\">\n\t\t\t\t<div class=\"elementor-widget-container\">\n\t\t\t\t\t\t\t\t\t<div class=\"elementor-button-wrapper\">\n\t\t\t\t\t<a class=\"elementor-button elementor-button-link elementor-size-sm\" href=\"https:\/\/anaflavialima.com.br\/psicologa\/aulas-gratuitas-te-na-tel\/\">\n\t\t\t\t\t\t<span class=\"elementor-button-content-wrapper\">\n\t\t\t\t\t\t\t\t\t<span class=\"elementor-button-text\">\u2192 Quero assistir \u00e0 aula de Terapia do Esquema<\/span>\n\t\t\t\t\t<\/span>\n\t\t\t\t\t<\/a>\n\t\t\t\t<\/div>\n\t\t\t\t\t\t\t\t<\/div>\n\t\t\t\t<\/div>\n\t\t\t\t<div class=\"elementor-element elementor-element-87df871 elementor-widget elementor-widget-image\" data-id=\"87df871\" data-element_type=\"widget\" data-e-type=\"widget\" data-widget_type=\"image.default\">\n\t\t\t\t<div class=\"elementor-widget-container\">\n\t\t\t\t\t\t\t\t\t\t\t\t\t\t\t<img decoding=\"async\" width=\"696\" height=\"392\" src=\"https:\/\/anaflavialima.com.br\/psicologa\/wp-content\/uploads\/2026\/08\/Capa-youtube-tcc-descomplicada-1-1024x576.png\" class=\"attachment-large size-large wp-image-5291\" alt=\"\" srcset=\"https:\/\/anaflavialima.com.br\/psicologa\/wp-content\/uploads\/2026\/08\/Capa-youtube-tcc-descomplicada-1-1024x576.png 1024w, https:\/\/anaflavialima.com.br\/psicologa\/wp-content\/uploads\/2026\/08\/Capa-youtube-tcc-descomplicada-1-300x169.png 300w, https:\/\/anaflavialima.com.br\/psicologa\/wp-content\/uploads\/2026\/08\/Capa-youtube-tcc-descomplicada-1-768x432.png 768w, https:\/\/anaflavialima.com.br\/psicologa\/wp-content\/uploads\/2026\/08\/Capa-youtube-tcc-descomplicada-1-1536x864.png 1536w, https:\/\/anaflavialima.com.br\/psicologa\/wp-content\/uploads\/2026\/08\/Capa-youtube-tcc-descomplicada-1.png 1920w\" sizes=\"(max-width: 696px) 100vw, 696px\" \/>\t\t\t\t\t\t\t\t\t\t\t\t\t\t\t<\/div>\n\t\t\t\t<\/div>\n\t\t\t\t<div class=\"elementor-element elementor-element-86c6ae3 ekit-equal-height-disable elementor-widget elementor-widget-elementskit-icon-box\" data-id=\"86c6ae3\" data-element_type=\"widget\" data-e-type=\"widget\" data-widget_type=\"elementskit-icon-box.default\">\n\t\t\t\t<div class=\"elementor-widget-container\">\n\t\t\t\t\t<div class=\"ekit-wid-con\" >        <!-- link opening -->\n                <a href=\"#\" class=\"ekit_global_links\">\n                <!-- end link opening -->\n\n        <div class=\"elementskit-infobox text-left text- icon-lef-right-aligin elementor-animation-   \">\n                        <div class=\"box-body\">\n                            <h3 class=\"elementskit-info-box-title\">\n                    Raiva na inf\u00e2ncia e adolesc\u00eancia                 <\/h3>\n                        \t\t  \t<p>Nesta aula, voc\u00ea vai aprofundar a compreens\u00e3o da raiva e pensar em formas de avaliar e intervir de maneira mais estruturada com crian\u00e7as e adolescentes.\n\nA proposta \u00e9 ir al\u00e9m de simplesmente tentar \u201ccontrolar a raiva\u201d, entendendo o que acontece antes, durante e depois das explos\u00f5es e como ajudar o paciente a desenvolver novas estrat\u00e9gias de regula\u00e7\u00e3o emocional.<\/p>\n                                <\/div>\n        \n        \n                <\/div>\n                <\/a>\n        <\/div>\t\t\t\t<\/div>\n\t\t\t\t<\/div>\n\t\t\t\t<div class=\"elementor-element elementor-element-0310b09 elementor-align-left elementor-widget elementor-widget-button\" data-id=\"0310b09\" data-element_type=\"widget\" data-e-type=\"widget\" data-widget_type=\"button.default\">\n\t\t\t\t<div class=\"elementor-widget-container\">\n\t\t\t\t\t\t\t\t\t<div class=\"elementor-button-wrapper\">\n\t\t\t\t\t<a class=\"elementor-button elementor-button-link elementor-size-sm\" href=\"https:\/\/anaflavialima.com.br\/psicologa\/aula-gratuita-raiva-tecnicas-criancas-adolescentes\/\">\n\t\t\t\t\t\t<span class=\"elementor-button-content-wrapper\">\n\t\t\t\t\t\t\t\t\t<span class=\"elementor-button-text\">\u2192 Quero assistir \u00e0 aula sobre Raiva<\/span>\n\t\t\t\t\t<\/span>\n\t\t\t\t\t<\/a>\n\t\t\t\t<\/div>\n\t\t\t\t\t\t\t\t<\/div>\n\t\t\t\t<\/div>\n\t\t\t\t\t<\/div>\n\t\t<\/div>\n\t\t\t\t\t<\/div>\n\t\t<\/section>\n\t\t\t\t\t<\/div>\n\t\t<\/div>\n\t\t\t\t<div class=\"elementor-column elementor-col-33 elementor-top-column elementor-element elementor-element-f5adf3e\" data-id=\"f5adf3e\" data-element_type=\"column\" data-e-type=\"column\">\n\t\t\t<div class=\"elementor-widget-wrap\">\n\t\t\t\t\t\t\t<\/div>\n\t\t<\/div>\n\t\t\t\t\t<\/div>\n\t\t<\/section>\n\t\t\t\t<section class=\"elementor-section elementor-top-section elementor-element elementor-element-803a25e elementor-section-boxed elementor-section-height-default elementor-section-height-default\" data-id=\"803a25e\" data-element_type=\"section\" data-e-type=\"section\" data-settings=\"{&quot;background_background&quot;:&quot;classic&quot;}\">\n\t\t\t\t\t\t<div class=\"elementor-container elementor-column-gap-default\">\n\t\t\t\t\t<div class=\"elementor-column elementor-col-50 elementor-top-column elementor-element elementor-element-730042c\" data-id=\"730042c\" data-element_type=\"column\" data-e-type=\"column\" data-settings=\"{&quot;background_background&quot;:&quot;slideshow&quot;,&quot;background_slideshow_gallery&quot;:[],&quot;background_slideshow_loop&quot;:&quot;yes&quot;,&quot;background_slideshow_slide_duration&quot;:5000,&quot;background_slideshow_slide_transition&quot;:&quot;fade&quot;,&quot;background_slideshow_transition_duration&quot;:500}\">\n\t\t\t<div class=\"elementor-widget-wrap elementor-element-populated\">\n\t\t\t\t\t\t<div class=\"elementor-element elementor-element-1963d76 elementor-widget elementor-widget-text-editor\" data-id=\"1963d76\" data-element_type=\"widget\" data-e-type=\"widget\" data-widget_type=\"text-editor.default\">\n\t\t\t\t<div class=\"elementor-widget-container\">\n\t\t\t\t\t\t\t\t\t<p data-start=\"2637\" data-end=\"2693\"><strong data-start=\"2637\" data-end=\"2693\">Quem \u00e9 Ana Fl\u00e1via?<\/strong><\/p><p class=\"isSelectedEnd\">Ana Fl\u00e1via Lima \u00e9 psic\u00f3loga, professora e supervisora cl\u00ednica, com atua\u00e7\u00e3o em Terapia Cognitivo-Comportamental e Terapia do Esquema.<\/p><p class=\"isSelectedEnd\">Ao longo da sua trajet\u00f3ria, tem se dedicado \u00e0 forma\u00e7\u00e3o de psic\u00f3logos e \u00e0 constru\u00e7\u00e3o de materiais que aproximam teoria e pr\u00e1tica cl\u00ednica, com uma linguagem clara, aplicada e conectada aos desafios reais do atendimento.<\/p><p>Tamb\u00e9m \u00e9 autora de publica\u00e7\u00f5es voltadas \u00e0 pr\u00e1tica cl\u00ednica e desenvolve cursos e recursos para profissionais que atendem crian\u00e7as, adolescentes e adultos.<\/p>\t\t\t\t\t\t\t\t<\/div>\n\t\t\t\t<\/div>\n\t\t\t\t\t<\/div>\n\t\t<\/div>\n\t\t\t\t<div class=\"elementor-column elementor-col-50 elementor-top-column elementor-element elementor-element-eee7427\" data-id=\"eee7427\" data-element_type=\"column\" data-e-type=\"column\">\n\t\t\t<div class=\"elementor-widget-wrap elementor-element-populated\">\n\t\t\t\t\t\t<div class=\"elementor-element elementor-element-5d2bb47 elementor-widget elementor-widget-spacer\" data-id=\"5d2bb47\" data-element_type=\"widget\" data-e-type=\"widget\" data-widget_type=\"spacer.default\">\n\t\t\t\t<div class=\"elementor-widget-container\">\n\t\t\t\t\t\t\t<div class=\"elementor-spacer\">\n\t\t\t<div class=\"elementor-spacer-inner\"><\/div>\n\t\t<\/div>\n\t\t\t\t\t\t<\/div>\n\t\t\t\t<\/div>\n\t\t\t\t<div class=\"elementor-element elementor-element-2d7da32 elementor-widget__width-initial elementor-widget elementor-widget-image\" data-id=\"2d7da32\" data-element_type=\"widget\" data-e-type=\"widget\" data-widget_type=\"image.default\">\n\t\t\t\t<div class=\"elementor-widget-container\">\n\t\t\t\t\t\t\t\t\t\t\t\t\t\t\t<img decoding=\"async\" width=\"300\" height=\"300\" src=\"https:\/\/anaflavialima.com.br\/psicologa\/wp-content\/uploads\/2026\/07\/Ana-post-anuncio-8-300x300.png\" class=\"attachment-medium size-medium wp-image-5264\" alt=\"\" srcset=\"https:\/\/anaflavialima.com.br\/psicologa\/wp-content\/uploads\/2026\/07\/Ana-post-anuncio-8-300x300.png 300w, https:\/\/anaflavialima.com.br\/psicologa\/wp-content\/uploads\/2026\/07\/Ana-post-anuncio-8-1024x1024.png 1024w, https:\/\/anaflavialima.com.br\/psicologa\/wp-content\/uploads\/2026\/07\/Ana-post-anuncio-8-150x150.png 150w, https:\/\/anaflavialima.com.br\/psicologa\/wp-content\/uploads\/2026\/07\/Ana-post-anuncio-8-768x768.png 768w, https:\/\/anaflavialima.com.br\/psicologa\/wp-content\/uploads\/2026\/07\/Ana-post-anuncio-8.png 1080w\" sizes=\"(max-width: 300px) 100vw, 300px\" \/>\t\t\t\t\t\t\t\t\t\t\t\t\t\t\t<\/div>\n\t\t\t\t<\/div>\n\t\t\t\t\t<\/div>\n\t\t<\/div>\n\t\t\t\t\t<\/div>\n\t\t<\/section>\n\t\t\t\t<section class=\"elementor-section elementor-top-section elementor-element elementor-element-527791c elementor-section-boxed elementor-section-height-default elementor-section-height-default\" data-id=\"527791c\" data-element_type=\"section\" data-e-type=\"section\">\n\t\t\t\t\t\t<div class=\"elementor-container elementor-column-gap-default\">\n\t\t\t\t\t<div class=\"elementor-column elementor-col-100 elementor-top-column elementor-element elementor-element-0eef26c\" data-id=\"0eef26c\" data-element_type=\"column\" data-e-type=\"column\">\n\t\t\t<div class=\"elementor-widget-wrap elementor-element-populated\">\n\t\t\t\t\t\t<div class=\"elementor-element elementor-element-9cb4aeb elementor-widget elementor-widget-text-editor\" data-id=\"9cb4aeb\" data-element_type=\"widget\" data-e-type=\"widget\" data-widget_type=\"text-editor.default\">\n\t\t\t\t<div class=\"elementor-widget-container\">\n\t\t\t\t\t\t\t\t\t<p data-start=\"2637\" data-end=\"2693\"><strong>As duas aulas s\u00e3o independentes e voc\u00ea pode assistir primeiro \u00e0 que fizer mais sentido para a sua pr\u00e1tica neste momento.<\/strong><\/p>\t\t\t\t\t\t\t\t<\/div>\n\t\t\t\t<\/div>\n\t\t\t\t\t<\/div>\n\t\t<\/div>\n\t\t\t\t\t<\/div>\n\t\t<\/section>\n\t\t\t\t<\/div>\n\t\t","protected":false},"excerpt":{"rendered":"<p>Semana do psic\u00f3logo Aulas gratuitas De 23 a 31 de agosto\u00a0 Separei duas aulas gratuitas para voc\u00ea aprofundar temas importantes da pr\u00e1tica cl\u00ednica. Voc\u00ea pode come\u00e7ar pela que fizer mais sentido para voc\u00ea agora. Terapia do Esquema na Tela Aprendendo com Valente, Frozen, Harry Potter e Enrolados Uma aula para compreender conceitos da Terapia do<\/p>\n<p><a href=\"https:\/\/anaflavialima.com.br\/psicologa\/aulas-gratuitas-dia-do-psicologo\/\" class=\"more-link\">Ler mais<\/a><\/p>\n","protected":false},"author":1,"featured_media":0,"parent":0,"menu_order":0,"comment_status":"closed","ping_status":"closed","template":"","meta":{"footnotes":""},"class_list":["post-258","page","type-page","status-publish","hentry"],"yoast_head":"<!-- This site is optimized with the Yoast SEO plugin v28.3 - https:\/\/yoast.com\/product\/yoast-seo-wordpress\/ -->\n<title>Aulas gratuitas dia do psic\u00f3logo - Ana Fl\u00e1via Lima<\/title>\n<meta name=\"description\" content=\"Separei duas aulas gratuitas para o dia do psic\u00f3logo para ajudar voc\u00ea a aprofundar temas importantes da pr\u00e1tica cl\u00ednica de forma clara\" \/>\n<meta name=\"robots\" content=\"index, follow, max-snippet:-1, max-image-preview:large, max-video-preview:-1\" \/>\n<link rel=\"canonical\" href=\"https:\/\/anaflavialima.com.br\/psicologa\/aulas-gratuitas-dia-do-psicologo\/\" \/>\n<meta property=\"og:locale\" content=\"pt_PT\" \/>\n<meta property=\"og:type\" content=\"article\" \/>\n<meta property=\"og:title\" content=\"Aulas gratuitas dia do psic\u00f3logo - Ana Fl\u00e1via Lima\" \/>\n<meta property=\"og:description\" content=\"Separei duas aulas gratuitas para o dia do psic\u00f3logo para ajudar voc\u00ea a aprofundar temas importantes da pr\u00e1tica cl\u00ednica de forma clara\" \/>\n<meta property=\"og:url\" content=\"https:\/\/anaflavialima.com.br\/psicologa\/aulas-gratuitas-dia-do-psicologo\/\" \/>\n<meta property=\"article:modified_time\" content=\"2026-08-23T18:30:12+00:00\" \/>\n<meta property=\"og:image\" content=\"https:\/\/anaflavialima.com.br\/psicologa\/wp-content\/uploads\/2026\/08\/Capa-youtube-tcc-descomplicada-1024x576.png\" \/>\n<meta name=\"twitter:card\" content=\"summary_large_image\" \/>\n<meta name=\"twitter:label1\" content=\"Tempo estimado de leitura\" \/>\n\t<meta name=\"twitter:data1\" content=\"3 minutos\" \/>\n<script type=\"application\/ld+json\" class=\"yoast-schema-graph\">{\"@context\":\"https:\\\/\\\/schema.org\",\"@graph\":[{\"@type\":\"WebPage\",\"@id\":\"https:\\\/\\\/anaflavialima.com.br\\\/psicologa\\\/aulas-gratuitas-dia-do-psicologo\\\/\",\"url\":\"https:\\\/\\\/anaflavialima.com.br\\\/psicologa\\\/aulas-gratuitas-dia-do-psicologo\\\/\",\"name\":\"Aulas gratuitas dia do psic\u00f3logo - Ana Fl\u00e1via Lima\",\"isPartOf\":{\"@id\":\"https:\\\/\\\/anaflavialima.com.br\\\/psicologa\\\/#website\"},\"primaryImageOfPage\":{\"@id\":\"https:\\\/\\\/anaflavialima.com.br\\\/psicologa\\\/aulas-gratuitas-dia-do-psicologo\\\/#primaryimage\"},\"image\":{\"@id\":\"https:\\\/\\\/anaflavialima.com.br\\\/psicologa\\\/aulas-gratuitas-dia-do-psicologo\\\/#primaryimage\"},\"thumbnailUrl\":\"https:\\\/\\\/anaflavialima.com.br\\\/psicologa\\\/wp-content\\\/uploads\\\/2026\\\/08\\\/Capa-youtube-tcc-descomplicada-1024x576.png\",\"datePublished\":\"2021-02-22T21:36:43+00:00\",\"dateModified\":\"2026-08-23T18:30:12+00:00\",\"description\":\"Separei duas aulas gratuitas para o dia do psic\u00f3logo para ajudar voc\u00ea a aprofundar temas importantes da pr\u00e1tica cl\u00ednica de forma clara\",\"breadcrumb\":{\"@id\":\"https:\\\/\\\/anaflavialima.com.br\\\/psicologa\\\/aulas-gratuitas-dia-do-psicologo\\\/#breadcrumb\"},\"inLanguage\":\"pt-PT\",\"potentialAction\":[{\"@type\":\"ReadAction\",\"target\":[\"https:\\\/\\\/anaflavialima.com.br\\\/psicologa\\\/aulas-gratuitas-dia-do-psicologo\\\/\"]}]},{\"@type\":\"ImageObject\",\"inLanguage\":\"pt-PT\",\"@id\":\"https:\\\/\\\/anaflavialima.com.br\\\/psicologa\\\/aulas-gratuitas-dia-do-psicologo\\\/#primaryimage\",\"url\":\"https:\\\/\\\/anaflavialima.com.br\\\/psicologa\\\/wp-content\\\/uploads\\\/2026\\\/08\\\/Capa-youtube-tcc-descomplicada.png\",\"contentUrl\":\"https:\\\/\\\/anaflavialima.com.br\\\/psicologa\\\/wp-content\\\/uploads\\\/2026\\\/08\\\/Capa-youtube-tcc-descomplicada.png\",\"width\":1920,\"height\":1080},{\"@type\":\"BreadcrumbList\",\"@id\":\"https:\\\/\\\/anaflavialima.com.br\\\/psicologa\\\/aulas-gratuitas-dia-do-psicologo\\\/#breadcrumb\",\"itemListElement\":[{\"@type\":\"ListItem\",\"position\":1,\"name\":\"In\u00edcio\",\"item\":\"https:\\\/\\\/anaflavialima.com.br\\\/psicologa\\\/\"},{\"@type\":\"ListItem\",\"position\":2,\"name\":\"Aulas gratuitas dia do psic\u00f3logo\"}]},{\"@type\":\"WebSite\",\"@id\":\"https:\\\/\\\/anaflavialima.com.br\\\/psicologa\\\/#website\",\"url\":\"https:\\\/\\\/anaflavialima.com.br\\\/psicologa\\\/\",\"name\":\"Ana Fl\u00e1via Lima\",\"description\":\"\",\"publisher\":{\"@id\":\"https:\\\/\\\/anaflavialima.com.br\\\/psicologa\\\/#\\\/schema\\\/person\\\/5afd7cfe6acd54d5ea3f2c700ac3b457\"},\"potentialAction\":[{\"@type\":\"SearchAction\",\"target\":{\"@type\":\"EntryPoint\",\"urlTemplate\":\"https:\\\/\\\/anaflavialima.com.br\\\/psicologa\\\/?s={search_term_string}\"},\"query-input\":{\"@type\":\"PropertyValueSpecification\",\"valueRequired\":true,\"valueName\":\"search_term_string\"}}],\"inLanguage\":\"pt-PT\"},{\"@type\":[\"Person\",\"Organization\"],\"@id\":\"https:\\\/\\\/anaflavialima.com.br\\\/psicologa\\\/#\\\/schema\\\/person\\\/5afd7cfe6acd54d5ea3f2c700ac3b457\",\"name\":\"Ana Flavia Lima\",\"image\":{\"@type\":\"ImageObject\",\"inLanguage\":\"pt-PT\",\"@id\":\"https:\\\/\\\/secure.gravatar.com\\\/avatar\\\/c052c165803e79b29bd3cb8fda5e22b85497298570db2a3348fe2c4d254e66b9?s=96&d=mm&r=g\",\"url\":\"https:\\\/\\\/secure.gravatar.com\\\/avatar\\\/c052c165803e79b29bd3cb8fda5e22b85497298570db2a3348fe2c4d254e66b9?s=96&d=mm&r=g\",\"contentUrl\":\"https:\\\/\\\/secure.gravatar.com\\\/avatar\\\/c052c165803e79b29bd3cb8fda5e22b85497298570db2a3348fe2c4d254e66b9?s=96&d=mm&r=g\",\"caption\":\"Ana Flavia Lima\"},\"logo\":{\"@id\":\"https:\\\/\\\/secure.gravatar.com\\\/avatar\\\/c052c165803e79b29bd3cb8fda5e22b85497298570db2a3348fe2c4d254e66b9?s=96&d=mm&r=g\"},\"description\":\"Apaixonada pela psicologia desde 2000. Graduada pela PUC Minas em 2005. Especialista e supervisora em Terapia Cognitivo Comportamental pelo ITC - S\u00e3o Paulo Terapeuta do Esquema pela Wainer Psicologia Cognitiva. S\u00f3cia propriet\u00e1ria da Cl\u00ednica Inteiramente.\",\"sameAs\":[\"http:\\\/\\\/anaflavialima.com.br\",\"https:\\\/\\\/www.instagram.com\\\/anaflaviapsi\\\/\",\"https:\\\/\\\/www.youtube.com\\\/@AnaFlviaLima-TerapiadoEsquema\"]}]}<\/script>\n<!-- \/ Yoast SEO plugin. -->","yoast_head_json":{"title":"Aulas gratuitas dia do psic\u00f3logo - Ana Fl\u00e1via Lima","description":"Separei duas aulas gratuitas para o dia do psic\u00f3logo para ajudar voc\u00ea a aprofundar temas importantes da pr\u00e1tica cl\u00ednica de forma clara","robots":{"index":"index","follow":"follow","max-snippet":"max-snippet:-1","max-image-preview":"max-image-preview:large","max-video-preview":"max-video-preview:-1"},"canonical":"https:\/\/anaflavialima.com.br\/psicologa\/aulas-gratuitas-dia-do-psicologo\/","og_locale":"pt_PT","og_type":"article","og_title":"Aulas gratuitas dia do psic\u00f3logo - Ana Fl\u00e1via Lima","og_description":"Separei duas aulas gratuitas para o dia do psic\u00f3logo para ajudar voc\u00ea a aprofundar temas importantes da pr\u00e1tica cl\u00ednica de forma clara","og_url":"https:\/\/anaflavialima.com.br\/psicologa\/aulas-gratuitas-dia-do-psicologo\/","article_modified_time":"2026-08-23T18:30:12+00:00","og_image":[{"url":"https:\/\/anaflavialima.com.br\/psicologa\/wp-content\/uploads\/2026\/08\/Capa-youtube-tcc-descomplicada-1024x576.png","type":"","width":"","height":""}],"twitter_card":"summary_large_image","twitter_misc":{"Tempo estimado de leitura":"3 minutos"},"schema":{"@context":"https:\/\/schema.org","@graph":[{"@type":"WebPage","@id":"https:\/\/anaflavialima.com.br\/psicologa\/aulas-gratuitas-dia-do-psicologo\/","url":"https:\/\/anaflavialima.com.br\/psicologa\/aulas-gratuitas-dia-do-psicologo\/","name":"Aulas gratuitas dia do psic\u00f3logo - Ana Fl\u00e1via Lima","isPartOf":{"@id":"https:\/\/anaflavialima.com.br\/psicologa\/#website"},"primaryImageOfPage":{"@id":"https:\/\/anaflavialima.com.br\/psicologa\/aulas-gratuitas-dia-do-psicologo\/#primaryimage"},"image":{"@id":"https:\/\/anaflavialima.com.br\/psicologa\/aulas-gratuitas-dia-do-psicologo\/#primaryimage"},"thumbnailUrl":"https:\/\/anaflavialima.com.br\/psicologa\/wp-content\/uploads\/2026\/08\/Capa-youtube-tcc-descomplicada-1024x576.png","datePublished":"2021-02-22T21:36:43+00:00","dateModified":"2026-08-23T18:30:12+00:00","description":"Separei duas aulas gratuitas para o dia do psic\u00f3logo para ajudar voc\u00ea a aprofundar temas importantes da pr\u00e1tica cl\u00ednica de forma clara","breadcrumb":{"@id":"https:\/\/anaflavialima.com.br\/psicologa\/aulas-gratuitas-dia-do-psicologo\/#breadcrumb"},"inLanguage":"pt-PT","potentialAction":[{"@type":"ReadAction","target":["https:\/\/anaflavialima.com.br\/psicologa\/aulas-gratuitas-dia-do-psicologo\/"]}]},{"@type":"ImageObject","inLanguage":"pt-PT","@id":"https:\/\/anaflavialima.com.br\/psicologa\/aulas-gratuitas-dia-do-psicologo\/#primaryimage","url":"https:\/\/anaflavialima.com.br\/psicologa\/wp-content\/uploads\/2026\/08\/Capa-youtube-tcc-descomplicada.png","contentUrl":"https:\/\/anaflavialima.com.br\/psicologa\/wp-content\/uploads\/2026\/08\/Capa-youtube-tcc-descomplicada.png","width":1920,"height":1080},{"@type":"BreadcrumbList","@id":"https:\/\/anaflavialima.com.br\/psicologa\/aulas-gratuitas-dia-do-psicologo\/#breadcrumb","itemListElement":[{"@type":"ListItem","position":1,"name":"In\u00edcio","item":"https:\/\/anaflavialima.com.br\/psicologa\/"},{"@type":"ListItem","position":2,"name":"Aulas gratuitas dia do psic\u00f3logo"}]},{"@type":"WebSite","@id":"https:\/\/anaflavialima.com.br\/psicologa\/#website","url":"https:\/\/anaflavialima.com.br\/psicologa\/","name":"Ana Fl\u00e1via Lima","description":"","publisher":{"@id":"https:\/\/anaflavialima.com.br\/psicologa\/#\/schema\/person\/5afd7cfe6acd54d5ea3f2c700ac3b457"},"potentialAction":[{"@type":"SearchAction","target":{"@type":"EntryPoint","urlTemplate":"https:\/\/anaflavialima.com.br\/psicologa\/?s={search_term_string}"},"query-input":{"@type":"PropertyValueSpecification","valueRequired":true,"valueName":"search_term_string"}}],"inLanguage":"pt-PT"},{"@type":["Person","Organization"],"@id":"https:\/\/anaflavialima.com.br\/psicologa\/#\/schema\/person\/5afd7cfe6acd54d5ea3f2c700ac3b457","name":"Ana Flavia Lima","image":{"@type":"ImageObject","inLanguage":"pt-PT","@id":"https:\/\/secure.gravatar.com\/avatar\/c052c165803e79b29bd3cb8fda5e22b85497298570db2a3348fe2c4d254e66b9?s=96&d=mm&r=g","url":"https:\/\/secure.gravatar.com\/avatar\/c052c165803e79b29bd3cb8fda5e22b85497298570db2a3348fe2c4d254e66b9?s=96&d=mm&r=g","contentUrl":"https:\/\/secure.gravatar.com\/avatar\/c052c165803e79b29bd3cb8fda5e22b85497298570db2a3348fe2c4d254e66b9?s=96&d=mm&r=g","caption":"Ana Flavia Lima"},"logo":{"@id":"https:\/\/secure.gravatar.com\/avatar\/c052c165803e79b29bd3cb8fda5e22b85497298570db2a3348fe2c4d254e66b9?s=96&d=mm&r=g"},"description":"Apaixonada pela psicologia desde 2000. Graduada pela PUC Minas em 2005. Especialista e supervisora em Terapia Cognitivo Comportamental pelo ITC - S\u00e3o Paulo Terapeuta do Esquema pela Wainer Psicologia Cognitiva. S\u00f3cia propriet\u00e1ria da Cl\u00ednica Inteiramente.","sameAs":["http:\/\/anaflavialima.com.br","https:\/\/www.instagram.com\/anaflaviapsi\/","https:\/\/www.youtube.com\/@AnaFlviaLima-TerapiadoEsquema"]}]}},"jetpack_sharing_enabled":true,"post_mailing_queue_ids":[],"_links":{"self":[{"href":"https:\/\/anaflavialima.com.br\/psicologa\/wp-json\/wp\/v2\/pages\/258","targetHints":{"allow":["GET"]}}],"collection":[{"href":"https:\/\/anaflavialima.com.br\/psicologa\/wp-json\/wp\/v2\/pages"}],"about":[{"href":"https:\/\/anaflavialima.com.br\/psicologa\/wp-json\/wp\/v2\/types\/page"}],"author":[{"embeddable":true,"href":"https:\/\/anaflavialima.com.br\/psicologa\/wp-json\/wp\/v2\/users\/1"}],"replies":[{"embeddable":true,"href":"https:\/\/anaflavialima.com.br\/psicologa\/wp-json\/wp\/v2\/comments?post=258"}],"version-history":[{"count":67,"href":"https:\/\/anaflavialima.com.br\/psicologa\/wp-json\/wp\/v2\/pages\/258\/revisions"}],"predecessor-version":[{"id":5330,"href":"https:\/\/anaflavialima.com.br\/psicologa\/wp-json\/wp\/v2\/pages\/258\/revisions\/5330"}],"wp:attachment":[{"href":"https:\/\/anaflavialima.com.br\/psicologa\/wp-json\/wp\/v2\/media?parent=258"}],"curies":[{"name":"wp","href":"https:\/\/api.w.org\/{rel}","templated":true}]}}