{"id":5302,"date":"2026-08-18T15:11:19","date_gmt":"2026-08-18T18:11:19","guid":{"rendered":"https:\/\/anaflavialima.com.br\/psicologa\/?page_id=5302"},"modified":"2026-08-23T15:33:52","modified_gmt":"2026-08-23T18:33:52","slug":"aula-gratuita-raiva-tecnicas-criancas-adolescentes","status":"publish","type":"page","link":"https:\/\/anaflavialima.com.br\/psicologa\/aula-gratuita-raiva-tecnicas-criancas-adolescentes\/","title":{"rendered":"Aulas gratuitas Raiva t\u00e9cnicas para crian\u00e7as e adolescentes"},"content":{"rendered":"\t\t<div data-elementor-type=\"wp-page\" data-elementor-id=\"5302\" class=\"elementor elementor-5302\">\n\t\t\t\t\t\t<section class=\"elementor-section elementor-top-section elementor-element elementor-element-c736de6 elementor-section-boxed elementor-section-height-default elementor-section-height-default\" data-id=\"c736de6\" data-element_type=\"section\" data-e-type=\"section\">\n\t\t\t\t\t\t<div class=\"elementor-container elementor-column-gap-default\">\n\t\t\t\t\t<div class=\"elementor-column elementor-col-100 elementor-top-column elementor-element elementor-element-3775073\" data-id=\"3775073\" data-element_type=\"column\" data-e-type=\"column\">\n\t\t\t<div class=\"elementor-widget-wrap elementor-element-populated\">\n\t\t\t\t\t\t<div class=\"elementor-element elementor-element-45ee2ec elementor-widget elementor-widget-elementskit-heading\" data-id=\"45ee2ec\" data-element_type=\"widget\" data-e-type=\"widget\" data-widget_type=\"elementskit-heading.default\">\n\t\t\t\t<div class=\"elementor-widget-container\">\n\t\t\t\t\t<div class=\"ekit-wid-con\" ><div class=\"ekit-heading elementskit-section-title-wraper center   ekit_heading_tablet-   ekit_heading_mobile-\"><h2 class=\"ekit-heading--title elementskit-section-title \"><span>Semana do psic\u00f3logo<\/span> <\/h2><h1 class=\"ekit-heading--subtitle elementskit-section-subtitle  elementskit-style-border\">\n\t\t\t\t\t\tAula gratuita \n\t\t\t\t\t<\/h1>\t\t\t\t<div class='ekit-heading__description'>\n\t\t\t\t\t<p>De 23 a 31 de agosto\u00a0<\/p>\n\t\t\t\t<\/div>\n\t\t\t<\/div><\/div>\t\t\t\t<\/div>\n\t\t\t\t<\/div>\n\t\t\t\t\t<\/div>\n\t\t<\/div>\n\t\t\t\t\t<\/div>\n\t\t<\/section>\n\t\t\t\t<section class=\"elementor-section elementor-top-section elementor-element elementor-element-9d4c3a8 elementor-section-boxed elementor-section-height-default elementor-section-height-default\" data-id=\"9d4c3a8\" data-element_type=\"section\" data-e-type=\"section\" data-settings=\"{&quot;background_background&quot;:&quot;slideshow&quot;,&quot;background_slideshow_gallery&quot;:[],&quot;background_slideshow_loop&quot;:&quot;yes&quot;,&quot;background_slideshow_slide_duration&quot;:5000,&quot;background_slideshow_slide_transition&quot;:&quot;fade&quot;,&quot;background_slideshow_transition_duration&quot;:500}\">\n\t\t\t\t\t\t<div class=\"elementor-container elementor-column-gap-default\">\n\t\t\t\t\t<div class=\"elementor-column elementor-col-100 elementor-top-column elementor-element elementor-element-05866ad\" data-id=\"05866ad\" data-element_type=\"column\" data-e-type=\"column\">\n\t\t\t<div class=\"elementor-widget-wrap elementor-element-populated\">\n\t\t\t\t\t\t<div class=\"elementor-element elementor-element-d5d568d ekit-equal-height-disable elementor-widget elementor-widget-elementskit-icon-box\" data-id=\"d5d568d\" data-element_type=\"widget\" data-e-type=\"widget\" data-widget_type=\"elementskit-icon-box.default\">\n\t\t\t\t<div class=\"elementor-widget-container\">\n\t\t\t\t\t<div class=\"ekit-wid-con\" >        <!-- link opening -->\n                <a href=\"#\" class=\"ekit_global_links\">\n                <!-- end link opening -->\n\n        <div class=\"elementskit-infobox text-left text- icon-lef-right-aligin elementor-animation-   \">\n                        <div class=\"box-body\">\n                            <h3 class=\"elementskit-info-box-title\">\n                    Raiva na inf\u00e2ncia e adolesc\u00eancia                <\/h3>\n                        \t\t  \t<p>Nesta aula, voc\u00ea vai aprofundar a compreens\u00e3o da raiva e pensar em formas de avaliar e intervir de maneira mais estruturada com crian\u00e7as e adolescentes.\n\nA proposta \u00e9 ir al\u00e9m da ideia de simplesmente \u201ccontrolar a raiva\u201d, entendendo o que acontece antes, durante e depois das explos\u00f5es e como ajudar o paciente a desenvolver estrat\u00e9gias mais eficazes de regula\u00e7\u00e3o emocional.<\/p>\n                                <\/div>\n        \n        \n                <\/div>\n                <\/a>\n        <\/div>\t\t\t\t<\/div>\n\t\t\t\t<\/div>\n\t\t\t\t<div class=\"elementor-element elementor-element-74ef45a elementor-widget elementor-widget-video\" data-id=\"74ef45a\" data-element_type=\"widget\" data-e-type=\"widget\" data-settings=\"{&quot;youtube_url&quot;:&quot;https:\\\/\\\/youtu.be\\\/9H2jazib0ao&quot;,&quot;video_type&quot;:&quot;youtube&quot;,&quot;controls&quot;:&quot;yes&quot;}\" data-widget_type=\"video.default\">\n\t\t\t\t<div class=\"elementor-widget-container\">\n\t\t\t\t\t\t\t<div class=\"elementor-wrapper elementor-open-inline\">\n\t\t\t<div class=\"elementor-video\"><\/div>\t\t<\/div>\n\t\t\t\t\t\t<\/div>\n\t\t\t\t<\/div>\n\t\t\t\t<section class=\"elementor-section elementor-inner-section elementor-element elementor-element-307fa6e elementor-section-boxed elementor-section-height-default elementor-section-height-default\" data-id=\"307fa6e\" data-element_type=\"section\" data-e-type=\"section\">\n\t\t\t\t\t\t<div class=\"elementor-container elementor-column-gap-default\">\n\t\t\t\t\t<div class=\"elementor-column elementor-col-33 elementor-inner-column elementor-element elementor-element-c11640e\" data-id=\"c11640e\" data-element_type=\"column\" data-e-type=\"column\">\n\t\t\t<div class=\"elementor-widget-wrap\">\n\t\t\t\t\t\t\t<\/div>\n\t\t<\/div>\n\t\t\t\t<div class=\"elementor-column elementor-col-33 elementor-inner-column elementor-element elementor-element-1a1d09d\" data-id=\"1a1d09d\" data-element_type=\"column\" data-e-type=\"column\">\n\t\t\t<div class=\"elementor-widget-wrap elementor-element-populated\">\n\t\t\t\t\t\t<div class=\"elementor-element elementor-element-726fb23 ekit-equal-height-disable elementor-widget elementor-widget-elementskit-icon-box\" data-id=\"726fb23\" data-element_type=\"widget\" data-e-type=\"widget\" data-widget_type=\"elementskit-icon-box.default\">\n\t\t\t\t<div class=\"elementor-widget-container\">\n\t\t\t\t\t<div class=\"ekit-wid-con\" >        <!-- link opening -->\n                <!-- end link opening -->\n\n        <div class=\"elementskit-infobox text-left text- icon-lef-right-aligin elementor-animation-   \">\n                        <div class=\"box-body\">\n                            <h3 class=\"elementskit-info-box-title\">\n                    Gostou da aula e quer se aprofundar no atendimento de crian\u00e7as e adolescentes?                <\/h3>\n                        \t\t  \t<p>Se essa aula ajudou voc\u00ea a pensar de uma forma mais estruturada sobre a raiva e voc\u00ea quer ampliar seus recursos para avaliar, compreender e intervir nas diferentes demandas que aparecem na cl\u00ednica infantojuvenil, a Forma\u00e7\u00e3o em Terapia Cognitivo-Comportamental para Crian\u00e7as e Adolescentes pode ser o seu pr\u00f3ximo passo.\n\nNa forma\u00e7\u00e3o, voc\u00ea aprofunda o racioc\u00ednio cl\u00ednico em TCC e aprende a transformar conceitos e estrat\u00e9gias em interven\u00e7\u00f5es adaptadas \u00e0s necessidades de crian\u00e7as, adolescentes e suas fam\u00edlias.<\/p>\n                                        <div class=\"box-footer disable_hover_button\">\n                    <div class=\"btn-wraper\">\n                                                            <a class=\"elementskit-btn whitespace--normal\" href=\"https:\/\/anaflavialima.com.br\/psicologa\/tccparacriancaseadolescentes-terapia-cognitivo-comportamental\/\" target=\"_blank\">\n                                                                                \u2192 Quero conhecer a Forma\u00e7\u00e3o em TCC para Crian\u00e7as e Adolescentes                                    <\/a>\n                                                        <\/div>\n                <\/div>\n                    <\/div>\n        \n        \n                <\/div>\n        <\/div>\t\t\t\t<\/div>\n\t\t\t\t<\/div>\n\t\t\t\t\t<\/div>\n\t\t<\/div>\n\t\t\t\t<div class=\"elementor-column elementor-col-33 elementor-inner-column elementor-element elementor-element-7499cfd\" data-id=\"7499cfd\" data-element_type=\"column\" data-e-type=\"column\">\n\t\t\t<div class=\"elementor-widget-wrap\">\n\t\t\t\t\t\t\t<\/div>\n\t\t<\/div>\n\t\t\t\t\t<\/div>\n\t\t<\/section>\n\t\t\t\t\t<\/div>\n\t\t<\/div>\n\t\t\t\t\t<\/div>\n\t\t<\/section>\n\t\t\t\t<section class=\"elementor-section elementor-top-section elementor-element elementor-element-803a25e elementor-section-boxed elementor-section-height-default elementor-section-height-default\" data-id=\"803a25e\" data-element_type=\"section\" data-e-type=\"section\" data-settings=\"{&quot;background_background&quot;:&quot;classic&quot;}\">\n\t\t\t\t\t\t<div class=\"elementor-container elementor-column-gap-default\">\n\t\t\t\t\t<div class=\"elementor-column elementor-col-50 elementor-top-column elementor-element elementor-element-730042c\" data-id=\"730042c\" data-element_type=\"column\" data-e-type=\"column\" data-settings=\"{&quot;background_background&quot;:&quot;slideshow&quot;,&quot;background_slideshow_gallery&quot;:[],&quot;background_slideshow_loop&quot;:&quot;yes&quot;,&quot;background_slideshow_slide_duration&quot;:5000,&quot;background_slideshow_slide_transition&quot;:&quot;fade&quot;,&quot;background_slideshow_transition_duration&quot;:500}\">\n\t\t\t<div class=\"elementor-widget-wrap elementor-element-populated\">\n\t\t\t\t\t\t<div class=\"elementor-element elementor-element-1963d76 elementor-widget elementor-widget-text-editor\" data-id=\"1963d76\" data-element_type=\"widget\" data-e-type=\"widget\" data-widget_type=\"text-editor.default\">\n\t\t\t\t<div class=\"elementor-widget-container\">\n\t\t\t\t\t\t\t\t\t<p data-start=\"2637\" data-end=\"2693\"><strong data-start=\"2637\" data-end=\"2693\">Quem \u00e9 Ana Fl\u00e1via?<\/strong><\/p><p class=\"isSelectedEnd\">Ana Fl\u00e1via Lima \u00e9 psic\u00f3loga, professora e supervisora cl\u00ednica, com atua\u00e7\u00e3o em Terapia Cognitivo-Comportamental e Terapia do Esquema.<\/p><p class=\"isSelectedEnd\">Ao longo da sua trajet\u00f3ria, tem se dedicado \u00e0 forma\u00e7\u00e3o de psic\u00f3logos e \u00e0 constru\u00e7\u00e3o de materiais que aproximam teoria e pr\u00e1tica cl\u00ednica, com uma linguagem clara, aplicada e conectada aos desafios reais do atendimento.<\/p><p>Tamb\u00e9m \u00e9 autora de publica\u00e7\u00f5es voltadas \u00e0 pr\u00e1tica cl\u00ednica e desenvolve cursos e recursos para profissionais que atendem crian\u00e7as, adolescentes e adultos.<\/p>\t\t\t\t\t\t\t\t<\/div>\n\t\t\t\t<\/div>\n\t\t\t\t\t<\/div>\n\t\t<\/div>\n\t\t\t\t<div class=\"elementor-column elementor-col-50 elementor-top-column elementor-element elementor-element-eee7427\" data-id=\"eee7427\" data-element_type=\"column\" data-e-type=\"column\">\n\t\t\t<div class=\"elementor-widget-wrap elementor-element-populated\">\n\t\t\t\t\t\t<div class=\"elementor-element elementor-element-5d2bb47 elementor-widget elementor-widget-spacer\" data-id=\"5d2bb47\" data-element_type=\"widget\" data-e-type=\"widget\" data-widget_type=\"spacer.default\">\n\t\t\t\t<div class=\"elementor-widget-container\">\n\t\t\t\t\t\t\t<div class=\"elementor-spacer\">\n\t\t\t<div class=\"elementor-spacer-inner\"><\/div>\n\t\t<\/div>\n\t\t\t\t\t\t<\/div>\n\t\t\t\t<\/div>\n\t\t\t\t<div class=\"elementor-element elementor-element-2d7da32 elementor-widget__width-initial elementor-widget elementor-widget-image\" data-id=\"2d7da32\" data-element_type=\"widget\" data-e-type=\"widget\" data-widget_type=\"image.default\">\n\t\t\t\t<div class=\"elementor-widget-container\">\n\t\t\t\t\t\t\t\t\t\t\t\t\t\t\t<img fetchpriority=\"high\" decoding=\"async\" width=\"300\" height=\"300\" src=\"https:\/\/anaflavialima.com.br\/psicologa\/wp-content\/uploads\/2026\/07\/Ana-post-anuncio-8-300x300.png\" class=\"attachment-medium size-medium wp-image-5264\" alt=\"\" srcset=\"https:\/\/anaflavialima.com.br\/psicologa\/wp-content\/uploads\/2026\/07\/Ana-post-anuncio-8-300x300.png 300w, https:\/\/anaflavialima.com.br\/psicologa\/wp-content\/uploads\/2026\/07\/Ana-post-anuncio-8-1024x1024.png 1024w, https:\/\/anaflavialima.com.br\/psicologa\/wp-content\/uploads\/2026\/07\/Ana-post-anuncio-8-150x150.png 150w, https:\/\/anaflavialima.com.br\/psicologa\/wp-content\/uploads\/2026\/07\/Ana-post-anuncio-8-768x768.png 768w, https:\/\/anaflavialima.com.br\/psicologa\/wp-content\/uploads\/2026\/07\/Ana-post-anuncio-8.png 1080w\" sizes=\"(max-width: 300px) 100vw, 300px\" \/>\t\t\t\t\t\t\t\t\t\t\t\t\t\t\t<\/div>\n\t\t\t\t<\/div>\n\t\t\t\t\t<\/div>\n\t\t<\/div>\n\t\t\t\t\t<\/div>\n\t\t<\/section>\n\t\t\t\t<\/div>\n\t\t","protected":false},"excerpt":{"rendered":"<p>Semana do psic\u00f3logo Aula gratuita De 23 a 31 de agosto\u00a0 Raiva na inf\u00e2ncia e adolesc\u00eancia Nesta aula, voc\u00ea vai aprofundar a compreens\u00e3o da raiva e pensar em formas de avaliar e intervir de maneira mais estruturada com crian\u00e7as e adolescentes. A proposta \u00e9 ir al\u00e9m da ideia de simplesmente \u201ccontrolar a raiva\u201d, entendendo o<\/p>\n<p><a href=\"https:\/\/anaflavialima.com.br\/psicologa\/aula-gratuita-raiva-tecnicas-criancas-adolescentes\/\" class=\"more-link\">Ler mais<\/a><\/p>\n","protected":false},"author":1,"featured_media":0,"parent":0,"menu_order":0,"comment_status":"closed","ping_status":"closed","template":"","meta":{"footnotes":""},"class_list":["post-5302","page","type-page","status-publish","hentry"],"yoast_head":"<!-- This site is optimized with the Yoast SEO plugin v28.3 - https:\/\/yoast.com\/product\/yoast-seo-wordpress\/ -->\n<title>Aulas gratuitas Raiva t\u00e9cnicas para crian\u00e7as e adolescentes - Ana Fl\u00e1via<\/title>\n<meta name=\"description\" content=\"Nesta aula, voc\u00ea vai aprofundar a compreens\u00e3o da raiva com t\u00e9cnicas para crian\u00e7as e adolescentes e pensar em formas de avaliar e intervir\" \/>\n<meta name=\"robots\" content=\"index, follow, max-snippet:-1, max-image-preview:large, max-video-preview:-1\" \/>\n<link rel=\"canonical\" href=\"https:\/\/anaflavialima.com.br\/psicologa\/aula-gratuita-raiva-tecnicas-criancas-adolescentes\/\" \/>\n<meta property=\"og:locale\" content=\"pt_PT\" \/>\n<meta property=\"og:type\" content=\"article\" \/>\n<meta property=\"og:title\" content=\"Aulas gratuitas Raiva t\u00e9cnicas para crian\u00e7as e adolescentes - Ana Fl\u00e1via\" \/>\n<meta property=\"og:description\" content=\"Nesta aula, voc\u00ea vai aprofundar a compreens\u00e3o da raiva com t\u00e9cnicas para crian\u00e7as e adolescentes e pensar em formas de avaliar e intervir\" \/>\n<meta property=\"og:url\" content=\"https:\/\/anaflavialima.com.br\/psicologa\/aula-gratuita-raiva-tecnicas-criancas-adolescentes\/\" \/>\n<meta property=\"article:modified_time\" content=\"2026-08-23T18:33:52+00:00\" \/>\n<meta property=\"og:image\" content=\"https:\/\/anaflavialima.com.br\/psicologa\/wp-content\/uploads\/2026\/07\/Ana-post-anuncio-8-300x300.png\" \/>\n<meta name=\"twitter:card\" content=\"summary_large_image\" \/>\n<meta name=\"twitter:label1\" content=\"Tempo estimado de leitura\" \/>\n\t<meta name=\"twitter:data1\" content=\"2 minutos\" \/>\n<script type=\"application\/ld+json\" class=\"yoast-schema-graph\">{\"@context\":\"https:\\\/\\\/schema.org\",\"@graph\":[{\"@type\":\"WebPage\",\"@id\":\"https:\\\/\\\/anaflavialima.com.br\\\/psicologa\\\/aula-gratuita-raiva-tecnicas-criancas-adolescentes\\\/\",\"url\":\"https:\\\/\\\/anaflavialima.com.br\\\/psicologa\\\/aula-gratuita-raiva-tecnicas-criancas-adolescentes\\\/\",\"name\":\"Aulas gratuitas Raiva t\u00e9cnicas para crian\u00e7as e adolescentes - Ana Fl\u00e1via\",\"isPartOf\":{\"@id\":\"https:\\\/\\\/anaflavialima.com.br\\\/psicologa\\\/#website\"},\"primaryImageOfPage\":{\"@id\":\"https:\\\/\\\/anaflavialima.com.br\\\/psicologa\\\/aula-gratuita-raiva-tecnicas-criancas-adolescentes\\\/#primaryimage\"},\"image\":{\"@id\":\"https:\\\/\\\/anaflavialima.com.br\\\/psicologa\\\/aula-gratuita-raiva-tecnicas-criancas-adolescentes\\\/#primaryimage\"},\"thumbnailUrl\":\"https:\\\/\\\/anaflavialima.com.br\\\/psicologa\\\/wp-content\\\/uploads\\\/2026\\\/07\\\/Ana-post-anuncio-8-300x300.png\",\"datePublished\":\"2026-08-18T18:11:19+00:00\",\"dateModified\":\"2026-08-23T18:33:52+00:00\",\"description\":\"Nesta aula, voc\u00ea vai aprofundar a compreens\u00e3o da raiva com t\u00e9cnicas para crian\u00e7as e adolescentes e pensar em formas de avaliar e intervir\",\"breadcrumb\":{\"@id\":\"https:\\\/\\\/anaflavialima.com.br\\\/psicologa\\\/aula-gratuita-raiva-tecnicas-criancas-adolescentes\\\/#breadcrumb\"},\"inLanguage\":\"pt-PT\",\"potentialAction\":[{\"@type\":\"ReadAction\",\"target\":[\"https:\\\/\\\/anaflavialima.com.br\\\/psicologa\\\/aula-gratuita-raiva-tecnicas-criancas-adolescentes\\\/\"]}]},{\"@type\":\"ImageObject\",\"inLanguage\":\"pt-PT\",\"@id\":\"https:\\\/\\\/anaflavialima.com.br\\\/psicologa\\\/aula-gratuita-raiva-tecnicas-criancas-adolescentes\\\/#primaryimage\",\"url\":\"https:\\\/\\\/anaflavialima.com.br\\\/psicologa\\\/wp-content\\\/uploads\\\/2026\\\/07\\\/Ana-post-anuncio-8.png\",\"contentUrl\":\"https:\\\/\\\/anaflavialima.com.br\\\/psicologa\\\/wp-content\\\/uploads\\\/2026\\\/07\\\/Ana-post-anuncio-8.png\",\"width\":1080,\"height\":1080},{\"@type\":\"BreadcrumbList\",\"@id\":\"https:\\\/\\\/anaflavialima.com.br\\\/psicologa\\\/aula-gratuita-raiva-tecnicas-criancas-adolescentes\\\/#breadcrumb\",\"itemListElement\":[{\"@type\":\"ListItem\",\"position\":1,\"name\":\"In\u00edcio\",\"item\":\"https:\\\/\\\/anaflavialima.com.br\\\/psicologa\\\/\"},{\"@type\":\"ListItem\",\"position\":2,\"name\":\"Aulas gratuitas Raiva t\u00e9cnicas para crian\u00e7as e adolescentes\"}]},{\"@type\":\"WebSite\",\"@id\":\"https:\\\/\\\/anaflavialima.com.br\\\/psicologa\\\/#website\",\"url\":\"https:\\\/\\\/anaflavialima.com.br\\\/psicologa\\\/\",\"name\":\"Ana Fl\u00e1via Lima\",\"description\":\"\",\"publisher\":{\"@id\":\"https:\\\/\\\/anaflavialima.com.br\\\/psicologa\\\/#\\\/schema\\\/person\\\/5afd7cfe6acd54d5ea3f2c700ac3b457\"},\"potentialAction\":[{\"@type\":\"SearchAction\",\"target\":{\"@type\":\"EntryPoint\",\"urlTemplate\":\"https:\\\/\\\/anaflavialima.com.br\\\/psicologa\\\/?s={search_term_string}\"},\"query-input\":{\"@type\":\"PropertyValueSpecification\",\"valueRequired\":true,\"valueName\":\"search_term_string\"}}],\"inLanguage\":\"pt-PT\"},{\"@type\":[\"Person\",\"Organization\"],\"@id\":\"https:\\\/\\\/anaflavialima.com.br\\\/psicologa\\\/#\\\/schema\\\/person\\\/5afd7cfe6acd54d5ea3f2c700ac3b457\",\"name\":\"Ana Flavia Lima\",\"image\":{\"@type\":\"ImageObject\",\"inLanguage\":\"pt-PT\",\"@id\":\"https:\\\/\\\/secure.gravatar.com\\\/avatar\\\/c052c165803e79b29bd3cb8fda5e22b85497298570db2a3348fe2c4d254e66b9?s=96&d=mm&r=g\",\"url\":\"https:\\\/\\\/secure.gravatar.com\\\/avatar\\\/c052c165803e79b29bd3cb8fda5e22b85497298570db2a3348fe2c4d254e66b9?s=96&d=mm&r=g\",\"contentUrl\":\"https:\\\/\\\/secure.gravatar.com\\\/avatar\\\/c052c165803e79b29bd3cb8fda5e22b85497298570db2a3348fe2c4d254e66b9?s=96&d=mm&r=g\",\"caption\":\"Ana Flavia Lima\"},\"logo\":{\"@id\":\"https:\\\/\\\/secure.gravatar.com\\\/avatar\\\/c052c165803e79b29bd3cb8fda5e22b85497298570db2a3348fe2c4d254e66b9?s=96&d=mm&r=g\"},\"description\":\"Apaixonada pela psicologia desde 2000. Graduada pela PUC Minas em 2005. Especialista e supervisora em Terapia Cognitivo Comportamental pelo ITC - S\u00e3o Paulo Terapeuta do Esquema pela Wainer Psicologia Cognitiva. S\u00f3cia propriet\u00e1ria da Cl\u00ednica Inteiramente.\",\"sameAs\":[\"http:\\\/\\\/anaflavialima.com.br\",\"https:\\\/\\\/www.instagram.com\\\/anaflaviapsi\\\/\",\"https:\\\/\\\/www.youtube.com\\\/@AnaFlviaLima-TerapiadoEsquema\"]}]}<\/script>\n<!-- \/ Yoast SEO plugin. -->","yoast_head_json":{"title":"Aulas gratuitas Raiva t\u00e9cnicas para crian\u00e7as e adolescentes - Ana Fl\u00e1via","description":"Nesta aula, voc\u00ea vai aprofundar a compreens\u00e3o da raiva com t\u00e9cnicas para crian\u00e7as e adolescentes e pensar em formas de avaliar e intervir","robots":{"index":"index","follow":"follow","max-snippet":"max-snippet:-1","max-image-preview":"max-image-preview:large","max-video-preview":"max-video-preview:-1"},"canonical":"https:\/\/anaflavialima.com.br\/psicologa\/aula-gratuita-raiva-tecnicas-criancas-adolescentes\/","og_locale":"pt_PT","og_type":"article","og_title":"Aulas gratuitas Raiva t\u00e9cnicas para crian\u00e7as e adolescentes - Ana Fl\u00e1via","og_description":"Nesta aula, voc\u00ea vai aprofundar a compreens\u00e3o da raiva com t\u00e9cnicas para crian\u00e7as e adolescentes e pensar em formas de avaliar e intervir","og_url":"https:\/\/anaflavialima.com.br\/psicologa\/aula-gratuita-raiva-tecnicas-criancas-adolescentes\/","article_modified_time":"2026-08-23T18:33:52+00:00","og_image":[{"url":"https:\/\/anaflavialima.com.br\/psicologa\/wp-content\/uploads\/2026\/07\/Ana-post-anuncio-8-300x300.png","type":"","width":"","height":""}],"twitter_card":"summary_large_image","twitter_misc":{"Tempo estimado de leitura":"2 minutos"},"schema":{"@context":"https:\/\/schema.org","@graph":[{"@type":"WebPage","@id":"https:\/\/anaflavialima.com.br\/psicologa\/aula-gratuita-raiva-tecnicas-criancas-adolescentes\/","url":"https:\/\/anaflavialima.com.br\/psicologa\/aula-gratuita-raiva-tecnicas-criancas-adolescentes\/","name":"Aulas gratuitas Raiva t\u00e9cnicas para crian\u00e7as e adolescentes - Ana Fl\u00e1via","isPartOf":{"@id":"https:\/\/anaflavialima.com.br\/psicologa\/#website"},"primaryImageOfPage":{"@id":"https:\/\/anaflavialima.com.br\/psicologa\/aula-gratuita-raiva-tecnicas-criancas-adolescentes\/#primaryimage"},"image":{"@id":"https:\/\/anaflavialima.com.br\/psicologa\/aula-gratuita-raiva-tecnicas-criancas-adolescentes\/#primaryimage"},"thumbnailUrl":"https:\/\/anaflavialima.com.br\/psicologa\/wp-content\/uploads\/2026\/07\/Ana-post-anuncio-8-300x300.png","datePublished":"2026-08-18T18:11:19+00:00","dateModified":"2026-08-23T18:33:52+00:00","description":"Nesta aula, voc\u00ea vai aprofundar a compreens\u00e3o da raiva com t\u00e9cnicas para crian\u00e7as e adolescentes e pensar em formas de avaliar e intervir","breadcrumb":{"@id":"https:\/\/anaflavialima.com.br\/psicologa\/aula-gratuita-raiva-tecnicas-criancas-adolescentes\/#breadcrumb"},"inLanguage":"pt-PT","potentialAction":[{"@type":"ReadAction","target":["https:\/\/anaflavialima.com.br\/psicologa\/aula-gratuita-raiva-tecnicas-criancas-adolescentes\/"]}]},{"@type":"ImageObject","inLanguage":"pt-PT","@id":"https:\/\/anaflavialima.com.br\/psicologa\/aula-gratuita-raiva-tecnicas-criancas-adolescentes\/#primaryimage","url":"https:\/\/anaflavialima.com.br\/psicologa\/wp-content\/uploads\/2026\/07\/Ana-post-anuncio-8.png","contentUrl":"https:\/\/anaflavialima.com.br\/psicologa\/wp-content\/uploads\/2026\/07\/Ana-post-anuncio-8.png","width":1080,"height":1080},{"@type":"BreadcrumbList","@id":"https:\/\/anaflavialima.com.br\/psicologa\/aula-gratuita-raiva-tecnicas-criancas-adolescentes\/#breadcrumb","itemListElement":[{"@type":"ListItem","position":1,"name":"In\u00edcio","item":"https:\/\/anaflavialima.com.br\/psicologa\/"},{"@type":"ListItem","position":2,"name":"Aulas gratuitas Raiva t\u00e9cnicas para crian\u00e7as e adolescentes"}]},{"@type":"WebSite","@id":"https:\/\/anaflavialima.com.br\/psicologa\/#website","url":"https:\/\/anaflavialima.com.br\/psicologa\/","name":"Ana Fl\u00e1via Lima","description":"","publisher":{"@id":"https:\/\/anaflavialima.com.br\/psicologa\/#\/schema\/person\/5afd7cfe6acd54d5ea3f2c700ac3b457"},"potentialAction":[{"@type":"SearchAction","target":{"@type":"EntryPoint","urlTemplate":"https:\/\/anaflavialima.com.br\/psicologa\/?s={search_term_string}"},"query-input":{"@type":"PropertyValueSpecification","valueRequired":true,"valueName":"search_term_string"}}],"inLanguage":"pt-PT"},{"@type":["Person","Organization"],"@id":"https:\/\/anaflavialima.com.br\/psicologa\/#\/schema\/person\/5afd7cfe6acd54d5ea3f2c700ac3b457","name":"Ana Flavia Lima","image":{"@type":"ImageObject","inLanguage":"pt-PT","@id":"https:\/\/secure.gravatar.com\/avatar\/c052c165803e79b29bd3cb8fda5e22b85497298570db2a3348fe2c4d254e66b9?s=96&d=mm&r=g","url":"https:\/\/secure.gravatar.com\/avatar\/c052c165803e79b29bd3cb8fda5e22b85497298570db2a3348fe2c4d254e66b9?s=96&d=mm&r=g","contentUrl":"https:\/\/secure.gravatar.com\/avatar\/c052c165803e79b29bd3cb8fda5e22b85497298570db2a3348fe2c4d254e66b9?s=96&d=mm&r=g","caption":"Ana Flavia Lima"},"logo":{"@id":"https:\/\/secure.gravatar.com\/avatar\/c052c165803e79b29bd3cb8fda5e22b85497298570db2a3348fe2c4d254e66b9?s=96&d=mm&r=g"},"description":"Apaixonada pela psicologia desde 2000. Graduada pela PUC Minas em 2005. Especialista e supervisora em Terapia Cognitivo Comportamental pelo ITC - S\u00e3o Paulo Terapeuta do Esquema pela Wainer Psicologia Cognitiva. S\u00f3cia propriet\u00e1ria da Cl\u00ednica Inteiramente.","sameAs":["http:\/\/anaflavialima.com.br","https:\/\/www.instagram.com\/anaflaviapsi\/","https:\/\/www.youtube.com\/@AnaFlviaLima-TerapiadoEsquema"]}]}},"jetpack_sharing_enabled":true,"post_mailing_queue_ids":[],"_links":{"self":[{"href":"https:\/\/anaflavialima.com.br\/psicologa\/wp-json\/wp\/v2\/pages\/5302","targetHints":{"allow":["GET"]}}],"collection":[{"href":"https:\/\/anaflavialima.com.br\/psicologa\/wp-json\/wp\/v2\/pages"}],"about":[{"href":"https:\/\/anaflavialima.com.br\/psicologa\/wp-json\/wp\/v2\/types\/page"}],"author":[{"embeddable":true,"href":"https:\/\/anaflavialima.com.br\/psicologa\/wp-json\/wp\/v2\/users\/1"}],"replies":[{"embeddable":true,"href":"https:\/\/anaflavialima.com.br\/psicologa\/wp-json\/wp\/v2\/comments?post=5302"}],"version-history":[{"count":4,"href":"https:\/\/anaflavialima.com.br\/psicologa\/wp-json\/wp\/v2\/pages\/5302\/revisions"}],"predecessor-version":[{"id":5306,"href":"https:\/\/anaflavialima.com.br\/psicologa\/wp-json\/wp\/v2\/pages\/5302\/revisions\/5306"}],"wp:attachment":[{"href":"https:\/\/anaflavialima.com.br\/psicologa\/wp-json\/wp\/v2\/media?parent=5302"}],"curies":[{"name":"wp","href":"https:\/\/api.w.org\/{rel}","templated":true}]}}